{"id":847,"date":"2015-10-20T15:04:45","date_gmt":"2015-10-20T15:04:45","guid":{"rendered":"http:\/\/diretorias.ifbaiano.edu.br\/portal\/ead\/?page_id=847"},"modified":"2015-10-22T11:21:29","modified_gmt":"2015-10-22T11:21:29","slug":"redetec","status":"publish","type":"page","link":"https:\/\/diretorias.ifbaiano.edu.br\/portal\/ead\/redetec\/","title":{"rendered":"Rede e-Tec Brasil"},"content":{"rendered":"<p>A Rede e-Tec Brasil (<a href=\"http:\/\/www.planalto.gov.br\/ccivil_03\/_Ato2011-2014\/2011\/Decreto\/D7589.htm\">Decreto n.\u00ba 7.589\/2011<\/a>) \u00e9 uma das iniciativas promovidas pelo Programa Nacional de Acesso ao Ensino T\u00e9cnico e Emprego (Pronatec) criado pelo Governo Federal (<a href=\"http:\/\/www.planalto.gov.br\/ccivil_03\/_ato2011-2014\/2011\/lei\/l12513.htm\">Lei n.\u00ba 12.513\/2011<\/a>).\u00a0O Pronatec tem como objetivo de ampliar a oferta de cursos de educa\u00e7\u00e3o profissional e tecnol\u00f3gica.\u00a0A Rede e-Tec Brasil tem como objetivo ofertar cursos que proporcionem o acesso ao mundo do trabalho para\u00a0 jovens e adultos, inclusive para aqueles profissionais que trabalham buscam uma melhor qualifica\u00e7\u00e3o para exercerem suas atividades<\/p>\n<p><strong>P\u00fablico- alvo:<\/strong><\/p>\n<ul>\n<li>&#8211; Jovens e adultos;<\/li>\n<li>&#8211; Professores vinculados diretamente \u00e0 Rede e-Tec Brasil;<\/li>\n<li>&#8211; Os estudantes regularmente matriculados no ensino m\u00e9dio para cursos t\u00e9cnicos concomitantes;<\/li>\n<li>&#8211; Os estudantes que conclu\u00edram o ensino m\u00e9dio para os cursos t\u00e9cnicos subsequentes;<\/li>\n<li>&#8211; Os estudantes que conclu\u00edram o ensino fundamental para os cursos t\u00e9cnicos vinculados \u00e0 educa\u00e7\u00e3o de jovens e adultos (PROEJA);<\/li>\n<li>&#8211; Os estudantes e professores participantes de programas de educa\u00e7\u00e3o de jovens e adultos (EJA).<\/li>\n<\/ul>\n<p>P\u00e1gina da Rede e-Tec Brasil: <a href=\"http:\/\/www.redeetec.mec.gov.br\/\">www.redeetec.mec.gov.br\/<\/a><\/p>\n<p>Legisla\u00e7\u00e3o Rede E-Tec Brasil: <a href=\"http:\/\/redeetec.mec.gov.br\/index.php\/legislacao\">clique aqui<\/a><\/p>\n<p>&nbsp;<\/p>\n<p>&nbsp;<\/p>\n","protected":false},"excerpt":{"rendered":"<p>A Rede e-Tec Brasil (Decreto n.\u00ba 7.589\/2011) \u00e9 uma das iniciativas promovidas pelo Programa Nacional de Acesso ao Ensino T\u00e9cnico e Emprego (Pronatec) criado pelo Governo Federal (Lei n.\u00ba 12.513\/2011).\u00a0O Pronatec tem como objetivo de ampliar a oferta de cursos de educa\u00e7\u00e3o profissional e tecnol\u00f3gica.\u00a0A Rede e-Tec Brasil tem como objetivo ofertar cursos que proporcionem [&hellip;]<\/p>\n","protected":false},"author":1,"featured_media":0,"parent":0,"menu_order":0,"comment_status":"open","ping_status":"open","template":"","meta":{"ngg_post_thumbnail":0},"_links":{"self":[{"href":"https:\/\/diretorias.ifbaiano.edu.br\/portal\/ead\/wp-json\/wp\/v2\/pages\/847"}],"collection":[{"href":"https:\/\/diretorias.ifbaiano.edu.br\/portal\/ead\/wp-json\/wp\/v2\/pages"}],"about":[{"href":"https:\/\/diretorias.ifbaiano.edu.br\/portal\/ead\/wp-json\/wp\/v2\/types\/page"}],"author":[{"embeddable":true,"href":"https:\/\/diretorias.ifbaiano.edu.br\/portal\/ead\/wp-json\/wp\/v2\/users\/1"}],"replies":[{"embeddable":true,"href":"https:\/\/diretorias.ifbaiano.edu.br\/portal\/ead\/wp-json\/wp\/v2\/comments?post=847"}],"version-history":[{"count":9,"href":"https:\/\/diretorias.ifbaiano.edu.br\/portal\/ead\/wp-json\/wp\/v2\/pages\/847\/revisions"}],"predecessor-version":[{"id":998,"href":"https:\/\/diretorias.ifbaiano.edu.br\/portal\/ead\/wp-json\/wp\/v2\/pages\/847\/revisions\/998"}],"wp:attachment":[{"href":"https:\/\/diretorias.ifbaiano.edu.br\/portal\/ead\/wp-json\/wp\/v2\/media?parent=847"}],"curies":[{"name":"wp","href":"https:\/\/api.w.org\/{rel}","templated":true}]}}